{"id":171,"date":"2025-02-20T10:26:56","date_gmt":"2025-02-20T09:26:56","guid":{"rendered":"http:\/\/s320074363.mialojamiento.es\/espa_produccion\/cosital\/?page_id=171"},"modified":"2026-03-19T17:28:57","modified_gmt":"2026-03-19T16:28:57","slug":"faqs","status":"publish","type":"page","link":"http:\/\/s320074363.mialojamiento.es\/espa_produccion\/cosital\/faqs\/","title":{"rendered":"Faqs"},"content":{"rendered":"\t\t<div data-elementor-type=\"wp-page\" data-elementor-id=\"171\" class=\"elementor elementor-171\" data-elementor-post-type=\"page\">\n\t\t\t\t<div class=\"elementor-element elementor-element-4ee810a e-flex e-con-boxed e-con e-parent\" data-id=\"4ee810a\" data-element_type=\"container\" data-e-type=\"container\">\n\t\t\t\t\t<div class=\"e-con-inner\">\n\t\t\t\t<div class=\"elementor-element elementor-element-38a732c elementor-widget__width-inherit elementor-widget-mobile__width-inherit elementor-widget elementor-widget-heading\" data-id=\"38a732c\" data-element_type=\"widget\" data-e-type=\"widget\" data-widget_type=\"heading.default\">\n\t\t\t\t<div class=\"elementor-widget-container\">\n\t\t\t\t\t<h2 class=\"elementor-heading-title elementor-size-default\"><span class=\"t-destacado\">FAQS<\/span> <\/h2>\t\t\t\t<\/div>\n\t\t\t\t<\/div>\n\t\t\t\t<div class=\"elementor-element elementor-element-9c7093d elementor-widget elementor-widget-text-editor\" data-id=\"9c7093d\" data-element_type=\"widget\" data-e-type=\"widget\" data-widget_type=\"text-editor.default\">\n\t\t\t\t<div class=\"elementor-widget-container\">\n\t\t\t\t\t\t\t\t\tPreguntas m\u00e1s frecuentes\n\t\t\t\t\t\t\t\t<\/div>\n\t\t\t\t<\/div>\n\t\t\t\t<div class=\"elementor-element elementor-element-9485146 elementor-widget__width-initial elementor-widget elementor-widget-text-editor\" data-id=\"9485146\" data-element_type=\"widget\" data-e-type=\"widget\" data-widget_type=\"text-editor.default\">\n\t\t\t\t<div class=\"elementor-widget-container\">\n\t\t\t\t\t\t\t\t\tA CONTINUACI\u00d3N, SE OFRECE LAS RESPUESTAS A AQUELLAS CONSULTAS M\u00c1S FRECUENTES, SI DESEA COLABORAR INCLUYENDO ALGUNA PREGUNTA QUE MEJORE LA EXPERENCIA WEB, ENV\u00cdENOSLA CONTACTANDO CON NOSOTROS.\n\n\t\t\t\t\t\t\t\t<\/div>\n\t\t\t\t<\/div>\n\t\t\t\t\t<\/div>\n\t\t\t\t<\/div>\n\t\t<div class=\"elementor-element elementor-element-4ffa47b e-flex e-con-boxed e-con e-parent\" data-id=\"4ffa47b\" data-element_type=\"container\" data-e-type=\"container\">\n\t\t\t\t\t<div class=\"e-con-inner\">\n\t\t\t\t<div class=\"elementor-element elementor-element-6329f79 elementor-widget elementor-widget-n-accordion\" data-id=\"6329f79\" data-element_type=\"widget\" data-e-type=\"widget\" data-settings=\"{&quot;default_state&quot;:&quot;expanded&quot;,&quot;max_items_expended&quot;:&quot;one&quot;,&quot;n_accordion_animation_duration&quot;:{&quot;unit&quot;:&quot;ms&quot;,&quot;size&quot;:400,&quot;sizes&quot;:[]}}\" data-widget_type=\"nested-accordion.default\">\n\t\t\t\t<div class=\"elementor-widget-container\">\n\t\t\t\t\t\t\t<div class=\"e-n-accordion\" aria-label=\"Accordion. Open links with Enter or Space, close with Escape, and navigate with Arrow Keys\">\n\t\t\t\t\t\t<details id=\"e-n-accordion-item-1030\" class=\"e-n-accordion-item\" open>\n\t\t\t\t<summary class=\"e-n-accordion-item-title\" data-accordion-index=\"1\" tabindex=\"0\" aria-expanded=\"true\" aria-controls=\"e-n-accordion-item-1030\" >\n\t\t\t\t\t<span class='e-n-accordion-item-title-header'><h3 class=\"e-n-accordion-item-title-text\"> Si me confieren nombramiento en otra Provincia distinta de la de Castell\u00f3n. \u00bfD\u00f3nde debiera colegiarme? <\/h3><\/span>\n\t\t\t\t\t\t\t<span class='e-n-accordion-item-title-icon'>\n\t\t\t<span class='e-opened' ><svg aria-hidden=\"true\" class=\"e-font-icon-svg e-far-arrow-alt-circle-left\" viewBox=\"0 0 512 512\" xmlns=\"http:\/\/www.w3.org\/2000\/svg\"><path d=\"M8 256c0 137 111 248 248 248s248-111 248-248S393 8 256 8 8 119 8 256zm448 0c0 110.5-89.5 200-200 200S56 366.5 56 256 145.5 56 256 56s200 89.5 200 200zm-72-20v40c0 6.6-5.4 12-12 12H256v67c0 10.7-12.9 16-20.5 8.5l-99-99c-4.7-4.7-4.7-12.3 0-17l99-99c7.6-7.6 20.5-2.2 20.5 8.5v67h116c6.6 0 12 5.4 12 12z\"><\/path><\/svg><\/span>\n\t\t\t<span class='e-closed'><svg aria-hidden=\"true\" class=\"e-font-icon-svg e-far-arrow-alt-circle-right\" viewBox=\"0 0 512 512\" xmlns=\"http:\/\/www.w3.org\/2000\/svg\"><path d=\"M504 256C504 119 393 8 256 8S8 119 8 256s111 248 248 248 248-111 248-248zm-448 0c0-110.5 89.5-200 200-200s200 89.5 200 200-89.5 200-200 200S56 366.5 56 256zm72 20v-40c0-6.6 5.4-12 12-12h116v-67c0-10.7 12.9-16 20.5-8.5l99 99c4.7 4.7 4.7 12.3 0 17l-99 99c-7.6 7.6-20.5 2.2-20.5-8.5v-67H140c-6.6 0-12-5.4-12-12z\"><\/path><\/svg><\/span>\n\t\t<\/span>\n\n\t\t\t\t\t\t<\/summary>\n\t\t\t\t<div role=\"region\" aria-labelledby=\"e-n-accordion-item-1030\" class=\"elementor-element elementor-element-614e670 e-con-full e-flex e-con e-child\" data-id=\"614e670\" data-element_type=\"container\" data-e-type=\"container\">\n\t\t\t\t<div class=\"elementor-element elementor-element-711d72e elementor-widget__width-inherit elementor-widget elementor-widget-text-editor\" data-id=\"711d72e\" data-element_type=\"widget\" data-e-type=\"widget\" data-widget_type=\"text-editor.default\">\n\t\t\t\t<div class=\"elementor-widget-container\">\n\t\t\t\t\t\t\t\t\t<p>Competer\u00e1 a cada Colegio, en su \u00e1mbito territorial, integrar al personal funcionario que ejerza las funciones reservadas en administraciones locales. Por lo que, se debe colegiar en el Colegio Territorial correspondiente a la provincia en donde preste efectivamente sus funciones, independientemente de las distintas formas de provisi\u00f3n reconocidas.<\/p>\t\t\t\t\t\t\t\t<\/div>\n\t\t\t\t<\/div>\n\t\t\t\t<\/div>\n\t\t\t\t\t<\/details>\n\t\t\t\t\t\t<details id=\"e-n-accordion-item-1031\" class=\"e-n-accordion-item\" >\n\t\t\t\t<summary class=\"e-n-accordion-item-title\" data-accordion-index=\"2\" tabindex=\"-1\" aria-expanded=\"false\" aria-controls=\"e-n-accordion-item-1031\" >\n\t\t\t\t\t<span class='e-n-accordion-item-title-header'><h3 class=\"e-n-accordion-item-title-text\">  \u00bfQu\u00e9 importes derivan de mi colegiaci\u00f3n a satisfacer obligatoriamente? \u00bfCu\u00e1l es el plazo y forma de pago? <\/h3><\/span>\n\t\t\t\t\t\t\t<span class='e-n-accordion-item-title-icon'>\n\t\t\t<span class='e-opened' ><svg aria-hidden=\"true\" class=\"e-font-icon-svg e-far-arrow-alt-circle-left\" viewBox=\"0 0 512 512\" xmlns=\"http:\/\/www.w3.org\/2000\/svg\"><path d=\"M8 256c0 137 111 248 248 248s248-111 248-248S393 8 256 8 8 119 8 256zm448 0c0 110.5-89.5 200-200 200S56 366.5 56 256 145.5 56 256 56s200 89.5 200 200zm-72-20v40c0 6.6-5.4 12-12 12H256v67c0 10.7-12.9 16-20.5 8.5l-99-99c-4.7-4.7-4.7-12.3 0-17l99-99c7.6-7.6 20.5-2.2 20.5 8.5v67h116c6.6 0 12 5.4 12 12z\"><\/path><\/svg><\/span>\n\t\t\t<span class='e-closed'><svg aria-hidden=\"true\" class=\"e-font-icon-svg e-far-arrow-alt-circle-right\" viewBox=\"0 0 512 512\" xmlns=\"http:\/\/www.w3.org\/2000\/svg\"><path d=\"M504 256C504 119 393 8 256 8S8 119 8 256s111 248 248 248 248-111 248-248zm-448 0c0-110.5 89.5-200 200-200s200 89.5 200 200-89.5 200-200 200S56 366.5 56 256zm72 20v-40c0-6.6 5.4-12 12-12h116v-67c0-10.7 12.9-16 20.5-8.5l99 99c4.7 4.7 4.7 12.3 0 17l-99 99c-7.6 7.6-20.5 2.2-20.5-8.5v-67H140c-6.6 0-12-5.4-12-12z\"><\/path><\/svg><\/span>\n\t\t<\/span>\n\n\t\t\t\t\t\t<\/summary>\n\t\t\t\t<div role=\"region\" aria-labelledby=\"e-n-accordion-item-1031\" class=\"elementor-element elementor-element-d88f1f2 e-con-full e-flex e-con e-child\" data-id=\"d88f1f2\" data-element_type=\"container\" data-e-type=\"container\">\n\t\t\t\t<div class=\"elementor-element elementor-element-7f39345 elementor-widget__width-inherit elementor-widget elementor-widget-text-editor\" data-id=\"7f39345\" data-element_type=\"widget\" data-e-type=\"widget\" data-widget_type=\"text-editor.default\">\n\t\t\t\t<div class=\"elementor-widget-container\">\n\t\t\t\t\t\t\t\t\t<p>Las cuotas ordinarias para sostenimiento del Colegio, son las siguientes:<br \/><br \/>Para el Grupo\/Subgrupo A1, 65 euros.<br \/>Para el Grupo\/Subgrupo A2, 55 euros.<br \/>Colegiados en situaci\u00f3n de excedencia, la cuarta parte, respectivamente.<br \/>Colegiados jubilados cuota gratuita.<br \/><br \/>A estos importes se a\u00f1adir\u00e1, en caso de suscripci\u00f3n voluntaria del seguro de responsabilidad civil profesional, la cuant\u00eda de la prima de 36,40 euros.<br \/><br \/>Las cuotas ordinarias son anuales, la recaudaci\u00f3n lo ser\u00e1 trimestral, salvo en caso de colegiados de nueva incorporaci\u00f3n o ingreso Colegial. El pago ser\u00e1 domiciliado.<\/p>\t\t\t\t\t\t\t\t<\/div>\n\t\t\t\t<\/div>\n\t\t\t\t<\/div>\n\t\t\t\t\t<\/details>\n\t\t\t\t\t\t<details id=\"e-n-accordion-item-1032\" class=\"e-n-accordion-item\" >\n\t\t\t\t<summary class=\"e-n-accordion-item-title\" data-accordion-index=\"3\" tabindex=\"-1\" aria-expanded=\"false\" aria-controls=\"e-n-accordion-item-1032\" >\n\t\t\t\t\t<span class='e-n-accordion-item-title-header'><h3 class=\"e-n-accordion-item-title-text\"> P\u00e9rdida de la condici\u00f3n de colegiado, y efectos de la suspensi\u00f3n o inhabilitaci\u00f3n. <\/h3><\/span>\n\t\t\t\t\t\t\t<span class='e-n-accordion-item-title-icon'>\n\t\t\t<span class='e-opened' ><svg aria-hidden=\"true\" class=\"e-font-icon-svg e-far-arrow-alt-circle-left\" viewBox=\"0 0 512 512\" xmlns=\"http:\/\/www.w3.org\/2000\/svg\"><path d=\"M8 256c0 137 111 248 248 248s248-111 248-248S393 8 256 8 8 119 8 256zm448 0c0 110.5-89.5 200-200 200S56 366.5 56 256 145.5 56 256 56s200 89.5 200 200zm-72-20v40c0 6.6-5.4 12-12 12H256v67c0 10.7-12.9 16-20.5 8.5l-99-99c-4.7-4.7-4.7-12.3 0-17l99-99c7.6-7.6 20.5-2.2 20.5 8.5v67h116c6.6 0 12 5.4 12 12z\"><\/path><\/svg><\/span>\n\t\t\t<span class='e-closed'><svg aria-hidden=\"true\" class=\"e-font-icon-svg e-far-arrow-alt-circle-right\" viewBox=\"0 0 512 512\" xmlns=\"http:\/\/www.w3.org\/2000\/svg\"><path d=\"M504 256C504 119 393 8 256 8S8 119 8 256s111 248 248 248 248-111 248-248zm-448 0c0-110.5 89.5-200 200-200s200 89.5 200 200-89.5 200-200 200S56 366.5 56 256zm72 20v-40c0-6.6 5.4-12 12-12h116v-67c0-10.7 12.9-16 20.5-8.5l99 99c4.7 4.7 4.7 12.3 0 17l-99 99c-7.6 7.6-20.5 2.2-20.5-8.5v-67H140c-6.6 0-12-5.4-12-12z\"><\/path><\/svg><\/span>\n\t\t<\/span>\n\n\t\t\t\t\t\t<\/summary>\n\t\t\t\t<div role=\"region\" aria-labelledby=\"e-n-accordion-item-1032\" class=\"elementor-element elementor-element-d94e96a e-con-full e-flex e-con e-child\" data-id=\"d94e96a\" data-element_type=\"container\" data-e-type=\"container\">\n\t\t\t\t<div class=\"elementor-element elementor-element-cfeb7e0 elementor-widget__width-inherit elementor-widget elementor-widget-text-editor\" data-id=\"cfeb7e0\" data-element_type=\"widget\" data-e-type=\"widget\" data-widget_type=\"text-editor.default\">\n\t\t\t\t<div class=\"elementor-widget-container\">\n\t\t\t\t\t\t\t\t\t<p>La condici\u00f3n de colegiado\/a se perder\u00e1 por las siguientes causas:<\/p><p>Defunci\u00f3n, incapacidad legal o baja voluntaria.<\/p><p>La p\u00e9rdida de la condici\u00f3n de colegiado\/a no liberar\u00e1 del cumplimiento de las obligaciones vencidas.<\/p><p>La suspensi\u00f3n o la inhabilitaci\u00f3n del ejercicio profesional no comprenden necesariamente la p\u00e9rdida de la condici\u00f3n de colegiado\/a. Se podr\u00e1 continuar perteneciendo al Colegio con la limitaci\u00f3n de derechos producida.<\/p>\t\t\t\t\t\t\t\t<\/div>\n\t\t\t\t<\/div>\n\t\t\t\t<\/div>\n\t\t\t\t\t<\/details>\n\t\t\t\t\t\t<details id=\"e-n-accordion-item-1033\" class=\"e-n-accordion-item\" >\n\t\t\t\t<summary class=\"e-n-accordion-item-title\" data-accordion-index=\"4\" tabindex=\"-1\" aria-expanded=\"false\" aria-controls=\"e-n-accordion-item-1033\" >\n\t\t\t\t\t<span class='e-n-accordion-item-title-header'><h3 class=\"e-n-accordion-item-title-text\"> Si me doy de alta o baja como colegiado. \u00bfQui\u00e9n me gestiona los tr\u00e1mites en referencia al seguro de responsabilidad civil profesional? <\/h3><\/span>\n\t\t\t\t\t\t\t<span class='e-n-accordion-item-title-icon'>\n\t\t\t<span class='e-opened' ><svg aria-hidden=\"true\" class=\"e-font-icon-svg e-far-arrow-alt-circle-left\" viewBox=\"0 0 512 512\" xmlns=\"http:\/\/www.w3.org\/2000\/svg\"><path d=\"M8 256c0 137 111 248 248 248s248-111 248-248S393 8 256 8 8 119 8 256zm448 0c0 110.5-89.5 200-200 200S56 366.5 56 256 145.5 56 256 56s200 89.5 200 200zm-72-20v40c0 6.6-5.4 12-12 12H256v67c0 10.7-12.9 16-20.5 8.5l-99-99c-4.7-4.7-4.7-12.3 0-17l99-99c7.6-7.6 20.5-2.2 20.5 8.5v67h116c6.6 0 12 5.4 12 12z\"><\/path><\/svg><\/span>\n\t\t\t<span class='e-closed'><svg aria-hidden=\"true\" class=\"e-font-icon-svg e-far-arrow-alt-circle-right\" viewBox=\"0 0 512 512\" xmlns=\"http:\/\/www.w3.org\/2000\/svg\"><path d=\"M504 256C504 119 393 8 256 8S8 119 8 256s111 248 248 248 248-111 248-248zm-448 0c0-110.5 89.5-200 200-200s200 89.5 200 200-89.5 200-200 200S56 366.5 56 256zm72 20v-40c0-6.6 5.4-12 12-12h116v-67c0-10.7 12.9-16 20.5-8.5l99 99c4.7 4.7 4.7 12.3 0 17l-99 99c-7.6 7.6-20.5 2.2-20.5-8.5v-67H140c-6.6 0-12-5.4-12-12z\"><\/path><\/svg><\/span>\n\t\t<\/span>\n\n\t\t\t\t\t\t<\/summary>\n\t\t\t\t<div role=\"region\" aria-labelledby=\"e-n-accordion-item-1033\" class=\"elementor-element elementor-element-e27e5bb e-con-full e-flex e-con e-child\" data-id=\"e27e5bb\" data-element_type=\"container\" data-e-type=\"container\">\n\t\t\t\t<div class=\"elementor-element elementor-element-bbba8b9 elementor-widget__width-inherit elementor-widget elementor-widget-text-editor\" data-id=\"bbba8b9\" data-element_type=\"widget\" data-e-type=\"widget\" data-widget_type=\"text-editor.default\">\n\t\t\t\t<div class=\"elementor-widget-container\">\n\t\t\t\t\t\t\t\t\t<p>Los tr\u00e1mites de alta o baja se gestionan exclusivamente desde el propio Colegio, que sin coste alguno, los formalizar\u00e1 ante la correspondiente corredur\u00eda de seguros a efectos de que se reconozcan en la p\u00f3liza del seguro de responsabilidad civil profesional.<\/p><p>Los extornos de primas por baja de colegiado\/a, producir\u00e1n devoluci\u00f3n a su favor por transferencia.<\/p>\t\t\t\t\t\t\t\t<\/div>\n\t\t\t\t<\/div>\n\t\t\t\t<\/div>\n\t\t\t\t\t<\/details>\n\t\t\t\t\t\t<details id=\"e-n-accordion-item-1034\" class=\"e-n-accordion-item\" >\n\t\t\t\t<summary class=\"e-n-accordion-item-title\" data-accordion-index=\"5\" tabindex=\"-1\" aria-expanded=\"false\" aria-controls=\"e-n-accordion-item-1034\" >\n\t\t\t\t\t<span class='e-n-accordion-item-title-header'><h3 class=\"e-n-accordion-item-title-text\">  \u00bfC\u00f3mo hago efectiva la cobertura de retroactividad del seguro de responsabilidad civil profesional cuando me jubile? <\/h3><\/span>\n\t\t\t\t\t\t\t<span class='e-n-accordion-item-title-icon'>\n\t\t\t<span class='e-opened' ><svg aria-hidden=\"true\" class=\"e-font-icon-svg e-far-arrow-alt-circle-left\" viewBox=\"0 0 512 512\" xmlns=\"http:\/\/www.w3.org\/2000\/svg\"><path d=\"M8 256c0 137 111 248 248 248s248-111 248-248S393 8 256 8 8 119 8 256zm448 0c0 110.5-89.5 200-200 200S56 366.5 56 256 145.5 56 256 56s200 89.5 200 200zm-72-20v40c0 6.6-5.4 12-12 12H256v67c0 10.7-12.9 16-20.5 8.5l-99-99c-4.7-4.7-4.7-12.3 0-17l99-99c7.6-7.6 20.5-2.2 20.5 8.5v67h116c6.6 0 12 5.4 12 12z\"><\/path><\/svg><\/span>\n\t\t\t<span class='e-closed'><svg aria-hidden=\"true\" class=\"e-font-icon-svg e-far-arrow-alt-circle-right\" viewBox=\"0 0 512 512\" xmlns=\"http:\/\/www.w3.org\/2000\/svg\"><path d=\"M504 256C504 119 393 8 256 8S8 119 8 256s111 248 248 248 248-111 248-248zm-448 0c0-110.5 89.5-200 200-200s200 89.5 200 200-89.5 200-200 200S56 366.5 56 256zm72 20v-40c0-6.6 5.4-12 12-12h116v-67c0-10.7 12.9-16 20.5-8.5l99 99c4.7 4.7 4.7 12.3 0 17l-99 99c-7.6 7.6-20.5 2.2-20.5-8.5v-67H140c-6.6 0-12-5.4-12-12z\"><\/path><\/svg><\/span>\n\t\t<\/span>\n\n\t\t\t\t\t\t<\/summary>\n\t\t\t\t<div role=\"region\" aria-labelledby=\"e-n-accordion-item-1034\" class=\"elementor-element elementor-element-db0a5eb e-con-full e-flex e-con e-child\" data-id=\"db0a5eb\" data-element_type=\"container\" data-e-type=\"container\">\n\t\t\t\t<div class=\"elementor-element elementor-element-581eaea elementor-widget__width-inherit elementor-widget elementor-widget-text-editor\" data-id=\"581eaea\" data-element_type=\"widget\" data-e-type=\"widget\" data-widget_type=\"text-editor.default\">\n\t\t\t\t<div class=\"elementor-widget-container\">\n\t\t\t\t\t\t\t\t\t<p>Quienes cesen en su actividad por jubilaci\u00f3n, continuar\u00e1n con la cobertura de la p\u00f3liza sin limitaci\u00f3n en cuanto al periodo de tiempo, sin tener que abonar m\u00e1s primas. Para ello la persona asegurada debe comunicar al Colegio su nueva situaci\u00f3n para que \u00e9ste lo comunique a la aseguradora que lo har\u00e1 constar expresamente en las condiciones particulares de la p\u00f3liza como asegurado\/a jubilado\/a.<\/p><p>Esta ampliaci\u00f3n se extiende al personal asegurados con invalidez permanente y total, y a los herederos del personal asegurado fallecido.<\/p><p>Tambi\u00e9n mantendr\u00e1 la cobertura, pero por un periodo de cuatro a\u00f1os, el personal asegurado que cese en su actividad por excedencia, servicios especiales o cese en la condici\u00f3n de sustituto\/a.<\/p><p>Esta ampliaci\u00f3n queda supeditada a la vigencia de la p\u00f3liza colectiva.<\/p>\t\t\t\t\t\t\t\t<\/div>\n\t\t\t\t<\/div>\n\t\t\t\t<\/div>\n\t\t\t\t\t<\/details>\n\t\t\t\t\t\t<details id=\"e-n-accordion-item-1035\" class=\"e-n-accordion-item\" >\n\t\t\t\t<summary class=\"e-n-accordion-item-title\" data-accordion-index=\"6\" tabindex=\"-1\" aria-expanded=\"false\" aria-controls=\"e-n-accordion-item-1035\" >\n\t\t\t\t\t<span class='e-n-accordion-item-title-header'><h3 class=\"e-n-accordion-item-title-text\">  \u00bfIndependientemente a las coberturas en defensa jur\u00eddica incluidas en el seguro de responsabilidad civil profesional, el Colegio tiene contratado de forma regular alg\u00fan servicio externo para la atenci\u00f3n de asistencia jur\u00eddica al colegiado? \u00bfY en los procedimientos para la Defensa Letrada? <\/h3><\/span>\n\t\t\t\t\t\t\t<span class='e-n-accordion-item-title-icon'>\n\t\t\t<span class='e-opened' ><svg aria-hidden=\"true\" class=\"e-font-icon-svg e-far-arrow-alt-circle-left\" viewBox=\"0 0 512 512\" xmlns=\"http:\/\/www.w3.org\/2000\/svg\"><path d=\"M8 256c0 137 111 248 248 248s248-111 248-248S393 8 256 8 8 119 8 256zm448 0c0 110.5-89.5 200-200 200S56 366.5 56 256 145.5 56 256 56s200 89.5 200 200zm-72-20v40c0 6.6-5.4 12-12 12H256v67c0 10.7-12.9 16-20.5 8.5l-99-99c-4.7-4.7-4.7-12.3 0-17l99-99c7.6-7.6 20.5-2.2 20.5 8.5v67h116c6.6 0 12 5.4 12 12z\"><\/path><\/svg><\/span>\n\t\t\t<span class='e-closed'><svg aria-hidden=\"true\" class=\"e-font-icon-svg e-far-arrow-alt-circle-right\" viewBox=\"0 0 512 512\" xmlns=\"http:\/\/www.w3.org\/2000\/svg\"><path d=\"M504 256C504 119 393 8 256 8S8 119 8 256s111 248 248 248 248-111 248-248zm-448 0c0-110.5 89.5-200 200-200s200 89.5 200 200-89.5 200-200 200S56 366.5 56 256zm72 20v-40c0-6.6 5.4-12 12-12h116v-67c0-10.7 12.9-16 20.5-8.5l99 99c4.7 4.7 4.7 12.3 0 17l-99 99c-7.6 7.6-20.5 2.2-20.5-8.5v-67H140c-6.6 0-12-5.4-12-12z\"><\/path><\/svg><\/span>\n\t\t<\/span>\n\n\t\t\t\t\t\t<\/summary>\n\t\t\t\t<div role=\"region\" aria-labelledby=\"e-n-accordion-item-1035\" class=\"elementor-element elementor-element-4443fb0 e-con-full e-flex e-con e-child\" data-id=\"4443fb0\" data-element_type=\"container\" data-e-type=\"container\">\n\t\t\t\t<div class=\"elementor-element elementor-element-090891f elementor-widget__width-inherit elementor-widget elementor-widget-text-editor\" data-id=\"090891f\" data-element_type=\"widget\" data-e-type=\"widget\" data-widget_type=\"text-editor.default\">\n\t\t\t\t<div class=\"elementor-widget-container\">\n\t\t\t\t\t\t\t\t\t<p>No. Para la atenci\u00f3n de los servicios jur\u00eddicos el Colegio podr\u00e1 promover o intervenir por s\u00ed en la interposici\u00f3n de recursos y dem\u00e1s actuaciones judiciales o, en su caso, si procede relacionarse con el Consejo General Nacional de Colegios Oficiales de Secretarios, Interventores y Tesoreros de la Administraci\u00f3n Local, en cuantos tr\u00e1mites procesales crea necesarios.<\/p>\t\t\t\t\t\t\t\t<\/div>\n\t\t\t\t<\/div>\n\t\t\t\t<\/div>\n\t\t\t\t\t<\/details>\n\t\t\t\t\t\t<details id=\"e-n-accordion-item-1036\" class=\"e-n-accordion-item\" >\n\t\t\t\t<summary class=\"e-n-accordion-item-title\" data-accordion-index=\"7\" tabindex=\"-1\" aria-expanded=\"false\" aria-controls=\"e-n-accordion-item-1036\" >\n\t\t\t\t\t<span class='e-n-accordion-item-title-header'><h3 class=\"e-n-accordion-item-title-text\"> Si me inscribo a un curso. \u00bfCu\u00e1ndo se debiera pagar la matr\u00edcula? <\/h3><\/span>\n\t\t\t\t\t\t\t<span class='e-n-accordion-item-title-icon'>\n\t\t\t<span class='e-opened' ><svg aria-hidden=\"true\" class=\"e-font-icon-svg e-far-arrow-alt-circle-left\" viewBox=\"0 0 512 512\" xmlns=\"http:\/\/www.w3.org\/2000\/svg\"><path d=\"M8 256c0 137 111 248 248 248s248-111 248-248S393 8 256 8 8 119 8 256zm448 0c0 110.5-89.5 200-200 200S56 366.5 56 256 145.5 56 256 56s200 89.5 200 200zm-72-20v40c0 6.6-5.4 12-12 12H256v67c0 10.7-12.9 16-20.5 8.5l-99-99c-4.7-4.7-4.7-12.3 0-17l99-99c7.6-7.6 20.5-2.2 20.5 8.5v67h116c6.6 0 12 5.4 12 12z\"><\/path><\/svg><\/span>\n\t\t\t<span class='e-closed'><svg aria-hidden=\"true\" class=\"e-font-icon-svg e-far-arrow-alt-circle-right\" viewBox=\"0 0 512 512\" xmlns=\"http:\/\/www.w3.org\/2000\/svg\"><path d=\"M504 256C504 119 393 8 256 8S8 119 8 256s111 248 248 248 248-111 248-248zm-448 0c0-110.5 89.5-200 200-200s200 89.5 200 200-89.5 200-200 200S56 366.5 56 256zm72 20v-40c0-6.6 5.4-12 12-12h116v-67c0-10.7 12.9-16 20.5-8.5l99 99c4.7 4.7 4.7 12.3 0 17l-99 99c-7.6 7.6-20.5 2.2-20.5-8.5v-67H140c-6.6 0-12-5.4-12-12z\"><\/path><\/svg><\/span>\n\t\t<\/span>\n\n\t\t\t\t\t\t<\/summary>\n\t\t\t\t<div role=\"region\" aria-labelledby=\"e-n-accordion-item-1036\" class=\"elementor-element elementor-element-d9cb4b0 e-con-full e-flex e-con e-child\" data-id=\"d9cb4b0\" data-element_type=\"container\" data-e-type=\"container\">\n\t\t\t\t<div class=\"elementor-element elementor-element-c9b5da0 elementor-widget__width-inherit elementor-widget elementor-widget-text-editor\" data-id=\"c9b5da0\" data-element_type=\"widget\" data-e-type=\"widget\" data-widget_type=\"text-editor.default\">\n\t\t\t\t<div class=\"elementor-widget-container\">\n\t\t\t\t\t\t\t\t\t<p>Se admitir\u00e1 el pago de las matr\u00edculas antes del comienzo del curso de formaci\u00f3n (recomendado), las cuant\u00edas pendientes a dicha fecha podr\u00e1n atenderse durante la celebraci\u00f3n del mismo, o en d\u00edas posteriores seg\u00fan los periodos de pago de las distintas entidades locales.<\/p>\t\t\t\t\t\t\t\t<\/div>\n\t\t\t\t<\/div>\n\t\t\t\t<\/div>\n\t\t\t\t\t<\/details>\n\t\t\t\t\t\t<details id=\"e-n-accordion-item-1037\" class=\"e-n-accordion-item\" >\n\t\t\t\t<summary class=\"e-n-accordion-item-title\" data-accordion-index=\"8\" tabindex=\"-1\" aria-expanded=\"false\" aria-controls=\"e-n-accordion-item-1037\" >\n\t\t\t\t\t<span class='e-n-accordion-item-title-header'><h3 class=\"e-n-accordion-item-title-text\"> Si al finalizar un curso homologado he extraviado el certificado. \u00bfD\u00f3nde debiera solicitar un duplicado? <\/h3><\/span>\n\t\t\t\t\t\t\t<span class='e-n-accordion-item-title-icon'>\n\t\t\t<span class='e-opened' ><svg aria-hidden=\"true\" class=\"e-font-icon-svg e-far-arrow-alt-circle-left\" viewBox=\"0 0 512 512\" xmlns=\"http:\/\/www.w3.org\/2000\/svg\"><path d=\"M8 256c0 137 111 248 248 248s248-111 248-248S393 8 256 8 8 119 8 256zm448 0c0 110.5-89.5 200-200 200S56 366.5 56 256 145.5 56 256 56s200 89.5 200 200zm-72-20v40c0 6.6-5.4 12-12 12H256v67c0 10.7-12.9 16-20.5 8.5l-99-99c-4.7-4.7-4.7-12.3 0-17l99-99c7.6-7.6 20.5-2.2 20.5 8.5v67h116c6.6 0 12 5.4 12 12z\"><\/path><\/svg><\/span>\n\t\t\t<span class='e-closed'><svg aria-hidden=\"true\" class=\"e-font-icon-svg e-far-arrow-alt-circle-right\" viewBox=\"0 0 512 512\" xmlns=\"http:\/\/www.w3.org\/2000\/svg\"><path d=\"M504 256C504 119 393 8 256 8S8 119 8 256s111 248 248 248 248-111 248-248zm-448 0c0-110.5 89.5-200 200-200s200 89.5 200 200-89.5 200-200 200S56 366.5 56 256zm72 20v-40c0-6.6 5.4-12 12-12h116v-67c0-10.7 12.9-16 20.5-8.5l99 99c4.7 4.7 4.7 12.3 0 17l-99 99c-7.6 7.6-20.5 2.2-20.5-8.5v-67H140c-6.6 0-12-5.4-12-12z\"><\/path><\/svg><\/span>\n\t\t<\/span>\n\n\t\t\t\t\t\t<\/summary>\n\t\t\t\t<div role=\"region\" aria-labelledby=\"e-n-accordion-item-1037\" class=\"elementor-element elementor-element-5a07333 e-con-full e-flex e-con e-child\" data-id=\"5a07333\" data-element_type=\"container\" data-e-type=\"container\">\n\t\t\t\t<div class=\"elementor-element elementor-element-f1239e6 elementor-widget__width-inherit elementor-widget elementor-widget-text-editor\" data-id=\"f1239e6\" data-element_type=\"widget\" data-e-type=\"widget\" data-widget_type=\"text-editor.default\">\n\t\t\t\t<div class=\"elementor-widget-container\">\n\t\t\t\t\t\t\t\t\t<p>El Colegio, como entidad promotora de formaci\u00f3n al que se le homologan por el IVAP las acciones formativas, expedir\u00e1 a participantes y profesorado los certificados de asistencia o de aprovechamiento. Por lo que atender\u00e1 cualquier circunstancia posterior a su entrega.<\/p>\t\t\t\t\t\t\t\t<\/div>\n\t\t\t\t<\/div>\n\t\t\t\t<\/div>\n\t\t\t\t\t<\/details>\n\t\t\t\t\t\t<details id=\"e-n-accordion-item-1038\" class=\"e-n-accordion-item\" >\n\t\t\t\t<summary class=\"e-n-accordion-item-title\" data-accordion-index=\"9\" tabindex=\"-1\" aria-expanded=\"false\" aria-controls=\"e-n-accordion-item-1038\" >\n\t\t\t\t\t<span class='e-n-accordion-item-title-header'><h3 class=\"e-n-accordion-item-title-text\"> \u00bfQu\u00e9 ocurre si me quedo excluido de una primera edici\u00f3n en un curso? \u00bfSe me incluir\u00eda la reserva de m\u00ed plaza en una segunda edici\u00f3n del mismo? <\/h3><\/span>\n\t\t\t\t\t\t\t<span class='e-n-accordion-item-title-icon'>\n\t\t\t<span class='e-opened' ><svg aria-hidden=\"true\" class=\"e-font-icon-svg e-far-arrow-alt-circle-left\" viewBox=\"0 0 512 512\" xmlns=\"http:\/\/www.w3.org\/2000\/svg\"><path d=\"M8 256c0 137 111 248 248 248s248-111 248-248S393 8 256 8 8 119 8 256zm448 0c0 110.5-89.5 200-200 200S56 366.5 56 256 145.5 56 256 56s200 89.5 200 200zm-72-20v40c0 6.6-5.4 12-12 12H256v67c0 10.7-12.9 16-20.5 8.5l-99-99c-4.7-4.7-4.7-12.3 0-17l99-99c7.6-7.6 20.5-2.2 20.5 8.5v67h116c6.6 0 12 5.4 12 12z\"><\/path><\/svg><\/span>\n\t\t\t<span class='e-closed'><svg aria-hidden=\"true\" class=\"e-font-icon-svg e-far-arrow-alt-circle-right\" viewBox=\"0 0 512 512\" xmlns=\"http:\/\/www.w3.org\/2000\/svg\"><path d=\"M504 256C504 119 393 8 256 8S8 119 8 256s111 248 248 248 248-111 248-248zm-448 0c0-110.5 89.5-200 200-200s200 89.5 200 200-89.5 200-200 200S56 366.5 56 256zm72 20v-40c0-6.6 5.4-12 12-12h116v-67c0-10.7 12.9-16 20.5-8.5l99 99c4.7 4.7 4.7 12.3 0 17l-99 99c-7.6 7.6-20.5 2.2-20.5-8.5v-67H140c-6.6 0-12-5.4-12-12z\"><\/path><\/svg><\/span>\n\t\t<\/span>\n\n\t\t\t\t\t\t<\/summary>\n\t\t\t\t<div role=\"region\" aria-labelledby=\"e-n-accordion-item-1038\" class=\"elementor-element elementor-element-d330e7c e-con-full e-flex e-con e-child\" data-id=\"d330e7c\" data-element_type=\"container\" data-e-type=\"container\">\n\t\t\t\t<div class=\"elementor-element elementor-element-d4793cc elementor-widget__width-inherit elementor-widget elementor-widget-text-editor\" data-id=\"d4793cc\" data-element_type=\"widget\" data-e-type=\"widget\" data-widget_type=\"text-editor.default\">\n\t\t\t\t<div class=\"elementor-widget-container\">\n\t\t\t\t\t\t\t\t\t<div class=\"panel\"><div id=\"collapse9\" class=\"panel-collapse collapse in\" role=\"tabpanel\" aria-labelledby=\"heading9\" aria-expanded=\"true\"><div class=\"panel-body\">En el supuesto de sobrepasar la previsi\u00f3n de plazas el Colegio podr\u00e1 convocar seguidamente nuevas ediciones del mismo curso a efectos de cubrir la demanda de formaci\u00f3n. Se reservar\u00e1n las plazas por orden de inscripci\u00f3n, y se comunicar\u00e1 a la persona interesada.<\/div><\/div><\/div>\t\t\t\t\t\t\t\t<\/div>\n\t\t\t\t<\/div>\n\t\t\t\t<\/div>\n\t\t\t\t\t<\/details>\n\t\t\t\t\t\t<details id=\"e-n-accordion-item-1039\" class=\"e-n-accordion-item\" >\n\t\t\t\t<summary class=\"e-n-accordion-item-title\" data-accordion-index=\"10\" tabindex=\"-1\" aria-expanded=\"false\" aria-controls=\"e-n-accordion-item-1039\" >\n\t\t\t\t\t<span class='e-n-accordion-item-title-header'><h3 class=\"e-n-accordion-item-title-text\">  Si como profesional colegiado, cualquier otra persona usuaria u organizaci\u00f3n tengo alguna consulta t\u00e9cnica. \u00bfQu\u00e9 miembros de la Junta de Gobierno podr\u00edan atenderme? <\/h3><\/span>\n\t\t\t\t\t\t\t<span class='e-n-accordion-item-title-icon'>\n\t\t\t<span class='e-opened' ><svg aria-hidden=\"true\" class=\"e-font-icon-svg e-far-arrow-alt-circle-left\" viewBox=\"0 0 512 512\" xmlns=\"http:\/\/www.w3.org\/2000\/svg\"><path d=\"M8 256c0 137 111 248 248 248s248-111 248-248S393 8 256 8 8 119 8 256zm448 0c0 110.5-89.5 200-200 200S56 366.5 56 256 145.5 56 256 56s200 89.5 200 200zm-72-20v40c0 6.6-5.4 12-12 12H256v67c0 10.7-12.9 16-20.5 8.5l-99-99c-4.7-4.7-4.7-12.3 0-17l99-99c7.6-7.6 20.5-2.2 20.5 8.5v67h116c6.6 0 12 5.4 12 12z\"><\/path><\/svg><\/span>\n\t\t\t<span class='e-closed'><svg aria-hidden=\"true\" class=\"e-font-icon-svg e-far-arrow-alt-circle-right\" viewBox=\"0 0 512 512\" xmlns=\"http:\/\/www.w3.org\/2000\/svg\"><path d=\"M504 256C504 119 393 8 256 8S8 119 8 256s111 248 248 248 248-111 248-248zm-448 0c0-110.5 89.5-200 200-200s200 89.5 200 200-89.5 200-200 200S56 366.5 56 256zm72 20v-40c0-6.6 5.4-12 12-12h116v-67c0-10.7 12.9-16 20.5-8.5l99 99c4.7 4.7 4.7 12.3 0 17l-99 99c-7.6 7.6-20.5 2.2-20.5-8.5v-67H140c-6.6 0-12-5.4-12-12z\"><\/path><\/svg><\/span>\n\t\t<\/span>\n\n\t\t\t\t\t\t<\/summary>\n\t\t\t\t<div role=\"region\" aria-labelledby=\"e-n-accordion-item-1039\" class=\"elementor-element elementor-element-af9cc09 e-con-full e-flex e-con e-child\" data-id=\"af9cc09\" data-element_type=\"container\" data-e-type=\"container\">\n\t\t\t\t<div class=\"elementor-element elementor-element-bd671d9 elementor-widget__width-inherit elementor-widget elementor-widget-text-editor\" data-id=\"bd671d9\" data-element_type=\"widget\" data-e-type=\"widget\" data-widget_type=\"text-editor.default\">\n\t\t\t\t<div class=\"elementor-widget-container\">\n\t\t\t\t\t\t\t\t\t<p>Estar\u00e1n a su disposici\u00f3n todos los miembros de la Junta de Gobierno.<\/p>\t\t\t\t\t\t\t\t<\/div>\n\t\t\t\t<\/div>\n\t\t\t\t<\/div>\n\t\t\t\t\t<\/details>\n\t\t\t\t\t<\/div>\n\t\t\t\t\t<script type=\"application\/ld+json\">{\"@context\":\"https:\\\/\\\/schema.org\",\"@type\":\"FAQPage\",\"mainEntity\":[{\"@type\":\"Question\",\"name\":\"Si me confieren nombramiento en otra Provincia distinta de la de Castell\\u00f3n. \\u00bfD\\u00f3nde debiera colegiarme?\",\"acceptedAnswer\":{\"@type\":\"Answer\",\"text\":\"Competer\\u00e1 a cada Colegio, en su \\u00e1mbito territorial, integrar al personal funcionario que ejerza las funciones reservadas en administraciones locales. Por lo que, se debe colegiar en el Colegio Territorial correspondiente a la provincia en donde preste efectivamente sus funciones, independientemente de las distintas formas de provisi\\u00f3n reconocidas.\"}},{\"@type\":\"Question\",\"name\":\"\\u00bfQu\\u00e9 importes derivan de mi colegiaci\\u00f3n a satisfacer obligatoriamente? \\u00bfCu\\u00e1l es el plazo y forma de pago?\",\"acceptedAnswer\":{\"@type\":\"Answer\",\"text\":\"Las cuotas ordinarias para sostenimiento del Colegio, son las siguientes:Para el Grupo\\\/Subgrupo A1, 65 euros.Para el Grupo\\\/Subgrupo A2, 55 euros.Colegiados en situaci\\u00f3n de excedencia, la cuarta parte, respectivamente.Colegiados jubilados cuota gratuita.A estos importes se a\\u00f1adir\\u00e1, en caso de suscripci\\u00f3n voluntaria del seguro de responsabilidad civil profesional, la cuant\\u00eda de la prima de 36,40 euros.Las cuotas ordinarias son anuales, la recaudaci\\u00f3n lo ser\\u00e1 trimestral, salvo en caso de colegiados de nueva incorporaci\\u00f3n o ingreso Colegial. El pago ser\\u00e1 domiciliado.\"}},{\"@type\":\"Question\",\"name\":\"P\\u00e9rdida de la condici\\u00f3n de colegiado, y efectos de la suspensi\\u00f3n o inhabilitaci\\u00f3n.\",\"acceptedAnswer\":{\"@type\":\"Answer\",\"text\":\"La condici\\u00f3n de colegiado\\\/a se perder\\u00e1 por las siguientes causas:Defunci\\u00f3n, incapacidad legal o baja voluntaria.La p\\u00e9rdida de la condici\\u00f3n de colegiado\\\/a no liberar\\u00e1 del cumplimiento de las obligaciones vencidas.La suspensi\\u00f3n o la inhabilitaci\\u00f3n del ejercicio profesional no comprenden necesariamente la p\\u00e9rdida de la condici\\u00f3n de colegiado\\\/a. Se podr\\u00e1 continuar perteneciendo al Colegio con la limitaci\\u00f3n de derechos producida.\"}},{\"@type\":\"Question\",\"name\":\"Si me doy de alta o baja como colegiado. \\u00bfQui\\u00e9n me gestiona los tr\\u00e1mites en referencia al seguro de responsabilidad civil profesional?\",\"acceptedAnswer\":{\"@type\":\"Answer\",\"text\":\"Los tr\\u00e1mites de alta o baja se gestionan exclusivamente desde el propio Colegio, que sin coste alguno, los formalizar\\u00e1 ante la correspondiente corredur\\u00eda de seguros a efectos de que se reconozcan en la p\\u00f3liza del seguro de responsabilidad civil profesional.Los extornos de primas por baja de colegiado\\\/a, producir\\u00e1n devoluci\\u00f3n a su favor por transferencia.\"}},{\"@type\":\"Question\",\"name\":\"\\u00bfC\\u00f3mo hago efectiva la cobertura de retroactividad del seguro de responsabilidad civil profesional cuando me jubile?\",\"acceptedAnswer\":{\"@type\":\"Answer\",\"text\":\"Quienes cesen en su actividad por jubilaci\\u00f3n, continuar\\u00e1n con la cobertura de la p\\u00f3liza sin limitaci\\u00f3n en cuanto al periodo de tiempo, sin tener que abonar m\\u00e1s primas. Para ello la persona asegurada debe comunicar al Colegio su nueva situaci\\u00f3n para que \\u00e9ste lo comunique a la aseguradora que lo har\\u00e1 constar expresamente en las condiciones particulares de la p\\u00f3liza como asegurado\\\/a jubilado\\\/a.Esta ampliaci\\u00f3n se extiende al personal asegurados con invalidez permanente y total, y a los herederos del personal asegurado fallecido.Tambi\\u00e9n mantendr\\u00e1 la cobertura, pero por un periodo de cuatro a\\u00f1os, el personal asegurado que cese en su actividad por excedencia, servicios especiales o cese en la condici\\u00f3n de sustituto\\\/a.Esta ampliaci\\u00f3n queda supeditada a la vigencia de la p\\u00f3liza colectiva.\"}},{\"@type\":\"Question\",\"name\":\"\\u00bfIndependientemente a las coberturas en defensa jur\\u00eddica incluidas en el seguro de responsabilidad civil profesional, el Colegio tiene contratado de forma regular alg\\u00fan servicio externo para la atenci\\u00f3n de asistencia jur\\u00eddica al colegiado? \\u00bfY en los procedimientos para la Defensa Letrada?\",\"acceptedAnswer\":{\"@type\":\"Answer\",\"text\":\"No. Para la atenci\\u00f3n de los servicios jur\\u00eddicos el Colegio podr\\u00e1 promover o intervenir por s\\u00ed en la interposici\\u00f3n de recursos y dem\\u00e1s actuaciones judiciales o, en su caso, si procede relacionarse con el Consejo General Nacional de Colegios Oficiales de Secretarios, Interventores y Tesoreros de la Administraci\\u00f3n Local, en cuantos tr\\u00e1mites procesales crea necesarios.\"}},{\"@type\":\"Question\",\"name\":\"Si me inscribo a un curso. \\u00bfCu\\u00e1ndo se debiera pagar la matr\\u00edcula?\",\"acceptedAnswer\":{\"@type\":\"Answer\",\"text\":\"Se admitir\\u00e1 el pago de las matr\\u00edculas antes del comienzo del curso de formaci\\u00f3n (recomendado), las cuant\\u00edas pendientes a dicha fecha podr\\u00e1n atenderse durante la celebraci\\u00f3n del mismo, o en d\\u00edas posteriores seg\\u00fan los periodos de pago de las distintas entidades locales.\"}},{\"@type\":\"Question\",\"name\":\"Si al finalizar un curso homologado he extraviado el certificado. \\u00bfD\\u00f3nde debiera solicitar un duplicado?\",\"acceptedAnswer\":{\"@type\":\"Answer\",\"text\":\"El Colegio, como entidad promotora de formaci\\u00f3n al que se le homologan por el IVAP las acciones formativas, expedir\\u00e1 a participantes y profesorado los certificados de asistencia o de aprovechamiento. Por lo que atender\\u00e1 cualquier circunstancia posterior a su entrega.\"}},{\"@type\":\"Question\",\"name\":\"\\u00bfQu\\u00e9 ocurre si me quedo excluido de una primera edici\\u00f3n en un curso? \\u00bfSe me incluir\\u00eda la reserva de m\\u00ed plaza en una segunda edici\\u00f3n del mismo?\",\"acceptedAnswer\":{\"@type\":\"Answer\",\"text\":\"En el supuesto de sobrepasar la previsi\\u00f3n de plazas el Colegio podr\\u00e1 convocar seguidamente nuevas ediciones del mismo curso a efectos de cubrir la demanda de formaci\\u00f3n. Se reservar\\u00e1n las plazas por orden de inscripci\\u00f3n, y se comunicar\\u00e1 a la persona interesada.\"}},{\"@type\":\"Question\",\"name\":\"Si como profesional colegiado, cualquier otra persona usuaria u organizaci\\u00f3n tengo alguna consulta t\\u00e9cnica. \\u00bfQu\\u00e9 miembros de la Junta de Gobierno podr\\u00edan atenderme?\",\"acceptedAnswer\":{\"@type\":\"Answer\",\"text\":\"Estar\\u00e1n a su disposici\\u00f3n todos los miembros de la Junta de Gobierno.\"}}]}<\/script>\n\t\t\t\t\t\t\t<\/div>\n\t\t\t\t<\/div>\n\t\t\t\t\t<\/div>\n\t\t\t\t<\/div>\n\t\t\t\t<\/div>\n\t\t","protected":false},"excerpt":{"rendered":"<p>FAQS Preguntas m\u00e1s frecuentes A CONTINUACI\u00d3N, SE OFRECE LAS RESPUESTAS A AQUELLAS CONSULTAS M\u00c1S FRECUENTES, SI DESEA COLABORAR INCLUYENDO ALGUNA PREGUNTA QUE MEJORE LA EXPERENCIA WEB, ENV\u00cdENOSLA CONTACTANDO CON NOSOTROS. Si me confieren nombramiento en otra Provincia distinta de la de Castell\u00f3n. \u00bfD\u00f3nde debiera colegiarme? Competer\u00e1 a cada Colegio, en su \u00e1mbito territorial, integrar al &#8230; <a title=\"Faqs\" class=\"read-more\" href=\"http:\/\/s320074363.mialojamiento.es\/espa_produccion\/cosital\/faqs\/\" aria-label=\"Leer m\u00e1s sobre Faqs\">Leer m\u00e1s<\/a><\/p>\n","protected":false},"author":2,"featured_media":0,"parent":0,"menu_order":0,"comment_status":"closed","ping_status":"closed","template":"elementor_header_footer","meta":{"_acf_changed":false,"footnotes":""},"class_list":["post-171","page","type-page","status-publish"],"acf":[],"_links":{"self":[{"href":"http:\/\/s320074363.mialojamiento.es\/espa_produccion\/cosital\/wp-json\/wp\/v2\/pages\/171","targetHints":{"allow":["GET"]}}],"collection":[{"href":"http:\/\/s320074363.mialojamiento.es\/espa_produccion\/cosital\/wp-json\/wp\/v2\/pages"}],"about":[{"href":"http:\/\/s320074363.mialojamiento.es\/espa_produccion\/cosital\/wp-json\/wp\/v2\/types\/page"}],"author":[{"embeddable":true,"href":"http:\/\/s320074363.mialojamiento.es\/espa_produccion\/cosital\/wp-json\/wp\/v2\/users\/2"}],"replies":[{"embeddable":true,"href":"http:\/\/s320074363.mialojamiento.es\/espa_produccion\/cosital\/wp-json\/wp\/v2\/comments?post=171"}],"version-history":[{"count":13,"href":"http:\/\/s320074363.mialojamiento.es\/espa_produccion\/cosital\/wp-json\/wp\/v2\/pages\/171\/revisions"}],"predecessor-version":[{"id":322,"href":"http:\/\/s320074363.mialojamiento.es\/espa_produccion\/cosital\/wp-json\/wp\/v2\/pages\/171\/revisions\/322"}],"wp:attachment":[{"href":"http:\/\/s320074363.mialojamiento.es\/espa_produccion\/cosital\/wp-json\/wp\/v2\/media?parent=171"}],"curies":[{"name":"wp","href":"https:\/\/api.w.org\/{rel}","templated":true}]}}